{"id":24,"date":"2018-03-31T23:26:25","date_gmt":"2018-03-31T21:26:25","guid":{"rendered":"http:\/\/nfg-sendenhorst.de\/?page_id=24"},"modified":"2025-01-26T16:03:28","modified_gmt":"2025-01-26T14:03:28","slug":"projekte","status":"publish","type":"page","link":"https:\/\/nfg-sendenhorst.de\/?page_id=24","title":{"rendered":"Projekte"},"content":{"rendered":"\n<p><b>Projekte der NFG und deren Finanzierung<\/b><\/p>\n\n\n\n<p>Seit ihrer Gr\u00fcndung im Jahr 1991 verfolgt die Naturf\u00f6rdergesellschaft Sendenhorst e. V. (NFG) das Ziel, freiwillig, unabh\u00e4ngig und in Erg\u00e4nzung zu den Ma\u00dfnahmen der Stadt und anderen Organisationen die Tier- und Pflanzenwelt sowie die Landschaft im Stadtgebiet von Sendenhorst zu sch\u00fctzen, zu pflegen und zu entwickeln und dazu beizutragen, die Umweltbedingungen zu verbessern.<\/p>\n\n\n\n<p>Die NFG finanziert sich aus Mitgliedsbeitr\u00e4gen, einem j\u00e4hrlichen Zuschuss der Stadt in H\u00f6he von derzeit 3.300 Euro sowie Spenden. Die Mitgliederzahl ist seit ihrer Gr\u00fcndung von 17 auf \u00fcber 50 Mitglieder angewachsen.<\/p>\n\n\n\n<h2 class=\"wp-block-heading\"><strong>Aktuelle Projekte<\/strong> 2025 in Planung<\/h2>\n\n\n\n<p><br><strong>NaturScheune Hof Schmetkamp<\/strong> abgeschlossen!<\/p>\n\n\n\n<p>Weitere Details siehe demn\u00e4chst: www.naturscheune-sendenhorst.de<\/p>\n\n\n\n<p><strong>Wir Starten<\/strong> hei\u00dft es weiter!! Die Gr\u00fcndungsversammlung fand am 22. Januar 2025 um 18Uhr im Kommunalforum statt.<br><br>Ende des Jahres 2024 sind alle Formalit\u00e4ten zur Gr\u00fcndung eines neuen Vereins erledigt.<br><strong>2024<\/strong><br>Im Januar 2024 hat sich eine gro\u00dfe Gruppe getroffen, um das Thema NaturScheune weiter zu entwickeln. Ein Bundesf\u00f6rderprogramm f\u00fchrte nicht zu der gew\u00fcnschten Finanzierung, aber die <strong>Projektgruppe<\/strong> war sich einig:<\/p>\n\n\n\n<p><strong>Wir brauchen nicht zu warten, wir starten!<\/strong> <br>In kleineren Gruppen sollen diese Themen bearbeitet werden: <br>-Satzung, Vereinsgr\u00fcndung und Betrieb<br>-P\u00e4dagogische Ausrichtung, M\u00f6glichkeiten, Erfordernisse <br>-Finanzierung durch F\u00f6rderungen und Sponsoring.<\/p>\n\n\n\n<p>Mittlerweile ist eine <strong>Satzung <\/strong>vorhanden, die ein Notar positiv gepr\u00fcft hat. Ausstehend ist noch die Bewertung des Finanzamtes. Es ist ein <strong>P\u00e4dagogisches Konzept<\/strong> erarbeitet worden, das die Grundlage f\u00fcr die Angebote des neuen Vereins seien wird.  Ende 2024 soll <strong>der neue Verein gegr\u00fcndet werden<\/strong>.<\/p>\n\n\n\n<p>Davon unabh\u00e4ngig entwickeln die TeilnehmerInnen der P\u00e4dagogischen Gruppe Angebote. So wurden auf dem Apfelfest <strong>drei Forscherkisten<\/strong> vorgestellt, die ausgeliehen werden k\u00f6nnen.<br><br><mark style=\"background-color:rgba(0, 0, 0, 0);color:#b20a0a\" class=\"has-inline-color\"><strong>ab 2020-2023 &#8222;Hof Schmetkamp &#8211; Lernort f\u00fcr Natur- und Klimaschutz&#8220;<\/strong><\/mark><\/p>\n\n\n\n<p>Die NFG hat die Absicht, den Hof Schmetkamp zu einem Lernort f\u00fcr Natur- und Klimaschutz zu gestalten. Sie hat daher im Rahmen der Initiative des Ministeriums f\u00fcr Umwelt, Landwirtschaft, Natur- und Verbraucherschutz des Landes Nordrhein-Westfalen \u201eQualifizierung des b\u00fcrgerschaftlichen Engagements\u201c Anfang 2021 einen Antrag auf F\u00f6rderung gestellt. <br>Dieser Antrag <strong>* <\/strong>ist positiv bewertet worden. Mit Unterst\u00fctzung und Begleitung vom B\u00fcro startklar wurde ein Konzept entwickelt, das eine Grundlage f\u00fcr die zuk\u00fcnftige Nutzung bildet.<br>Mit Unterst\u00fctzung der Politik konnte ein Architekturb\u00fcro beauftragt werden, eine Machbarkeitsstudie zu erstellen. Die fertigen Pl\u00e4ne f\u00fcr einen m\u00f6glichen Umbau sind auf der 1.Nutzerkonferenz von der &#8222;Projektgruppe Scheune&#8220; einer gr\u00f6\u00dferen Gruppe von potentiellen Nutzern vorgestellt und diskutiert worden. (2023)<br>Auf Grundlage eines m\u00f6glichen Belegungsplans hat ein Fachb\u00fcro die notwendige autarke Versorgung der umgebauten Scheune vorgestellt und kalkuliert.   <br>Im Oktober 2023 haben sich auf der 1. Mitmachkonferenz NaturScheune Hof Schmetkamp weitere Interessenten gemeldet, die die Entwicklung des Projektes pers\u00f6nlich unterst\u00fctzen wollen.<br>Die Politiker haben mit dem Haushalt 2024 entscheiden, dass f\u00fcr den Umbau 10% der Kosten aus st\u00e4dtischen Mitteln finanziert werden. Ein entsprechender F\u00f6rderantrag f\u00fcr 70% der Umbaukosten ist beantragt . Die restlichen Mittel sollen durch Spenden privater F\u00f6rderer getragen werden.<\/p>\n\n\n\n<p><strong>*<\/strong>Die Kurzbeschreibung des Antrags zur Qualifizierung b\u00fcrgerschaftlichen Engagements lautet: Auf dem Gel\u00e4nde des ehemals landwirtschaftlich genutzten Hofes Schmetkamp plant die Naturf\u00f6rdergesellschaft Sendenhorst e. V. einen Raum zur Umwelt- und Klimabildung f\u00fcr interessierte Besucher- und Besucherinnengruppen einzurichten. Das rund 19 ha gro\u00dfe Gel\u00e4nde wurde von der Stadt insbesondere f\u00fcr den Naturschutz, aber auch f\u00fcr die Naherholung zur Verf\u00fcgung gestellt. &#8230;&#8230; Von Seiten der Besucher und Nutzer &#8230;. wurde dringend der Wunsch ge\u00e4u\u00dfert, Hof Schmetkamp auch als Lernort nutzen zu k\u00f6nnen. Hierzu ist geplant neben dem Gel\u00e4nde auch das letzte verbliebene Hofgeb\u00e4ude zu nutzen und im Sinne des Klimaschutzes verbildlichst herzurichten. Entstehen sollen vielf\u00e4ltige Lernsituationen, um gemeinsam oder individuell, sozial-, umwelt- und klimagerecht zu handeln.<\/p>\n\n\n\n<p><strong>Abgeschlossene Projekte<\/strong><\/p>\n\n\n\n<p><\/p>\n\n\n\n<p><strong><mark style=\"background-color:rgba(0, 0, 0, 0);color:#b20a0a\" class=\"has-inline-color\">2022 &#8222;Balancierparkur Hof Schmetkamp&#8220;<\/mark><\/strong><\/p>\n\n\n\n<p>Mit F\u00f6rderung durch 8+VITAL im Kreis WAF ist im Bereich der Wetterschutzh\u00fctte ein Balancierparkur f\u00fcr Jung und Alt aufgebaut worden. Entwurf und Umsetzung Fa Schreiber.<\/p>\n\n\n\n<figure class=\"wp-block-image size-large\"><img loading=\"lazy\" decoding=\"async\" width=\"1024\" height=\"768\" src=\"https:\/\/nfg-sendenhorst.de\/wp-content\/uploads\/2023\/11\/20221201_105147-1024x768.jpg\" alt=\"\" class=\"wp-image-1864\" srcset=\"https:\/\/nfg-sendenhorst.de\/wp-content\/uploads\/2023\/11\/20221201_105147-1024x768.jpg 1024w, https:\/\/nfg-sendenhorst.de\/wp-content\/uploads\/2023\/11\/20221201_105147-300x225.jpg 300w, https:\/\/nfg-sendenhorst.de\/wp-content\/uploads\/2023\/11\/20221201_105147-768x576.jpg 768w, https:\/\/nfg-sendenhorst.de\/wp-content\/uploads\/2023\/11\/20221201_105147-1536x1152.jpg 1536w, https:\/\/nfg-sendenhorst.de\/wp-content\/uploads\/2023\/11\/20221201_105147-2048x1536.jpg 2048w\" sizes=\"auto, (max-width: 706px) 89vw, (max-width: 767px) 82vw, 740px\" \/><\/figure>\n\n\n\n<!--nextpage-->\n\n\n\n<p><strong><mark style=\"background-color:rgba(0, 0, 0, 0);color:#b20a0a\" class=\"has-inline-color\"> <\/mark><\/strong><br><br><br><strong><mark style=\"background-color:rgba(0, 0, 0, 0);color:#b20a0a\" class=\"has-inline-color\">2022 &#8222;Social Day\u00b4s Hof Schmetkamp&#8220;<\/mark><\/strong><\/p>\n\n\n\n<p>An zwei Tage haben die Auszubildenden der VEKA AG mit Unterst\u00fctzung der NABU beide T\u00fcmpel am Hof Schmetkamp freigeschnitten. Vor Ort ist das Schnittgut im st\u00e4dtischen Schredder geh\u00e4ckselt worden. Das zerkleinerte Holz ist dann an den Stelltafeln und am neuen Balancierparkur verteilt worden.<\/p>\n\n\n\n<figure class=\"wp-block-image size-large\"><img loading=\"lazy\" decoding=\"async\" width=\"1024\" height=\"768\" src=\"https:\/\/nfg-sendenhorst.de\/wp-content\/uploads\/2023\/11\/IMG-20221025-WA0001-1024x768.jpg\" alt=\"\" class=\"wp-image-1865\" srcset=\"https:\/\/nfg-sendenhorst.de\/wp-content\/uploads\/2023\/11\/IMG-20221025-WA0001-1024x768.jpg 1024w, https:\/\/nfg-sendenhorst.de\/wp-content\/uploads\/2023\/11\/IMG-20221025-WA0001-300x225.jpg 300w, https:\/\/nfg-sendenhorst.de\/wp-content\/uploads\/2023\/11\/IMG-20221025-WA0001-768x576.jpg 768w, https:\/\/nfg-sendenhorst.de\/wp-content\/uploads\/2023\/11\/IMG-20221025-WA0001-1536x1152.jpg 1536w, https:\/\/nfg-sendenhorst.de\/wp-content\/uploads\/2023\/11\/IMG-20221025-WA0001.jpg 2016w\" sizes=\"auto, (max-width: 706px) 89vw, (max-width: 767px) 82vw, 740px\" \/><\/figure>\n\n\n\n<p><\/p>\n\n\n\n<p> <p><strong><mark style=\"background-color:rgba(0, 0, 0, 0);color:#b20a0a\" class=\"has-inline-color\"> <strong><mark style=\"background-color:rgba(0, 0, 0, 0);color:#b20a0a\" class=\"has-inline-color\">2020 &#8222;Nicht Eilen, sondern Verweilen &#8211; Naturbeobachtungen auf Hof Schmetkamp&#8220;<\/mark><\/strong><\/mark><\/strong><br>mit Mitteln von 8+VITAL im Kreis WAF sind drehbare Holzliegen in der N\u00e4he des Gr\u00fcnen Klassenzimmers aufgebaut worden. Au\u00dferdem gibt es an den Eing\u00e4ngen \u00dcbersichtspl\u00e4ne des Gel\u00e4ndes.<\/p>   <figure class=\"wp-block-image size-large\"><img loading=\"lazy\" decoding=\"async\" width=\"1024\" height=\"1024\" class=\"wp-image-1863\" src=\"https:\/\/nfg-sendenhorst.de\/wp-content\/uploads\/2023\/11\/20210517_171720-1024x1024.jpg\" alt=\"\" srcset=\"https:\/\/nfg-sendenhorst.de\/wp-content\/uploads\/2023\/11\/20210517_171720-1024x1024.jpg 1024w, https:\/\/nfg-sendenhorst.de\/wp-content\/uploads\/2023\/11\/20210517_171720-300x300.jpg 300w, https:\/\/nfg-sendenhorst.de\/wp-content\/uploads\/2023\/11\/20210517_171720-150x150.jpg 150w, https:\/\/nfg-sendenhorst.de\/wp-content\/uploads\/2023\/11\/20210517_171720-768x768.jpg 768w, https:\/\/nfg-sendenhorst.de\/wp-content\/uploads\/2023\/11\/20210517_171720-1536x1536.jpg 1536w, https:\/\/nfg-sendenhorst.de\/wp-content\/uploads\/2023\/11\/20210517_171720-2048x2048.jpg 2048w, https:\/\/nfg-sendenhorst.de\/wp-content\/uploads\/2023\/11\/20210517_171720-100x100.jpg 100w\" sizes=\"auto, (max-width: 706px) 89vw, (max-width: 767px) 82vw, 740px\" \/><\/figure>      <p>Informationen zum Projekt finden Sie in dem Beitrag <a href=\"https:\/\/nfg-sendenhorst.de\/?p=736\" data-type=\"URL\">hier<\/a>.<\/p> <mark style=\"background-color:rgba(0, 0, 0, 0);color:#b20a0a\" class=\"has-inline-color\"><strong>2019-2021 &#8222;Blumenbeete&#8220; <\/strong><\/mark><\/p>\n\n\n\n<p>Zum Stadtjubil\u00e4um sind zur Versch\u00f6nerung des Stadtbildes besondere Gr\u00fcnfl\u00e4chen angelegt worden, die eine bunte Vielfalt an Blumen ergeben haben. Das ist von der Bev\u00f6lkerung positiv aufgenommen worden. Deshalb hatte die NFG die Initiative ergriffen, auch weiterhin \u00f6ffentliche, st\u00e4dtische und private Fl\u00e4chen umgestalten zu lassen.<\/p>\n\n\n\n<p>Ziel der Ma\u00dfnahme war und ist, eine Artenvielfalt an Bl\u00fchpflanzen zu schaffen und zu erhalten, die Nahrung f\u00fcr diverse Insekten bieten. Dabei kommt es nicht immer auf Sch\u00f6nheit der Beete an. Diese ben\u00f6tigen auch ein anderes Pflegekonzept. Die Beete sollen nur zum Teil im Herbst gem\u00e4ht werden, um eine Aussaat von einj\u00e4hrigen Pflanzen zu erm\u00f6glichen, st\u00f6rende Wildpflanzen k\u00f6nnen entfernt werden. Im Fr\u00fchjahr werden die vertrockneten Bl\u00fctenst\u00e4nde, die im Winter Kleinlebewesen Schutz geboten haben, gem\u00e4ht und abgetragen.<\/p>\n\n\n<p>Im Auftrag der NFG hat 2019 eine heimische Firma auf gr\u00f6\u00dferen und kleineren Fl\u00e4chen Samen von &#8222;Wildblumen&#8220; einges\u00e4t. Die Samenmischung ist zum einen eine Bl\u00fchmischung der Fa. Kiepenkerl und zum anderen eine spezielle regionale Samenmischung der Firma Riedel, der vom NABU zur Verf\u00fcgung gestellt worden ist.<\/p>\n<p>Der NABU hat auch das Gartenbauunternehmen bei der Pflege der Beete beraten. Neben der NFG wird das Projekt von der Stadt Sendenhorst, dem Heimatvereinen und der B\u00fcrgerstiftung finanziert.<\/p>\n\n\n<p><mark style=\"background-color:rgba(0, 0, 0, 0);color:#716363\" class=\"has-inline-color\"><strong>\u00dcbersicht Blumenbeete und -wiesen<\/strong><\/mark><strong><mark style=\"background-color:rgba(0, 0, 0, 0);color:#716363\" class=\"has-inline-color\"> (Anlage durch Landschaftsg\u00e4rtner)<\/mark><\/strong><br><em>Ortsteil Sendenhorst ab 2019, gesamt 320 qm<\/em><\/p>\n\n\n\n<ul class=\"wp-block-list\">\n<li>Tankstelle Sch\u00fcttelh\u00f6fer<\/li>\n\n\n\n<li>Ecke Lidl, Hoetmarer Str.<\/li>\n\n\n\n<li>Ecke Hagenholt\/S\u00fcdtor (Einfahrt Garrath)<\/li>\n\n\n\n<li>H\u00f6ckerskamp\/Lorenbeckstr.<\/li>\n<\/ul>\n\n\n\n<p><em>Ortsteil Sendenhorst ab 2020, zus\u00e4tzlich 660 qm<\/em><\/p>\n\n\n\n<ul class=\"wp-block-list\">\n<li>Firmengel\u00e4nde Ernussdruck an der Hoetmarer Str.<\/li>\n\n\n\n<li>Firmengel\u00e4nde Hunkem\u00f6ller, \u00f6stl. Ortsausgang (Saatgut NABU ab 2020)<\/li>\n<\/ul>\n\n\n\n<p><em>Ortsteil Albersloh ab 2019, gesamt 540 qm<\/em><\/p>\n\n\n\n<ul class=\"wp-block-list\">\n<li>Ecke Adolfsh\u00f6he\/M\u00fcnsterstr.<\/li>\n\n\n\n<li>Tankstelle Breul, gegen\u00fcber<\/li>\n\n\n\n<li>Gr\u00fcnstreifen Bergstra\u00dfe, s\u00fcdl. Ortseingangstafel<\/li>\n\n\n\n<li>Ecke Alverskirchener Str.\/Haberkamp<\/li>\n\n\n\n<li>Ecke Alverskirchener Str.\/Buschkamp<\/li>\n<\/ul>\n\n\n\n<p><strong>Gesamtfl\u00e4che: 1.520 qm<\/strong><\/p>\n\n\n<p><strong><mark class=\"has-inline-color\" style=\"background-color: rgba(0, 0, 0, 0); color: #b20a0a;\"><strong><mark class=\"has-inline-color\" style=\"background-color: rgba(0, 0, 0, 0); color: #b20a0a;\">2017-2020 &#8220; Entwicklung Hof Schmetkamp, Projekte NFG&#8220;<\/mark><\/strong><\/mark><\/strong><\/p>\n<p>2020 Die Stadt Sendenhorst erweitert die Fl\u00e4che Richtung Osten und renaturiert den Bach. Eine naturnahe Wiese mit Obstb\u00e4umen entsteht.&nbsp;<br \/>2020 Installation eines &#8222;Wind-Vogels&#8220; an der Magerwiese durch J\u00fcrgen Krass, Max-&nbsp; &nbsp; &nbsp; &nbsp;<br \/>&nbsp;Linnemann Bonse und weiteren Helfern<br \/>2021 Installation von zwei Stelltafel: &#8222;So lange k\u00e4mpft der Wald mit dem M\u00fcll&#8220;&nbsp;<br \/>2019 Insektenburg an der Magerwiese<br \/>2019 Heckenanpflanzung an der gro\u00dfen &#8222;Sitzecke Landrat&#8220;&nbsp;<br \/>2018 Kartierung der Obstb\u00e4ume durch die NABU, Infotafel einiger Sorten&nbsp;<br \/>2018 Betonplatte aufgebrochen und auf der Fl\u00e4che eine Magerwiese angelegt&nbsp;<br \/>2018 Internetauftritt NFG durch Klaus Harig&nbsp;<br \/>2017 Finanzierung der Einsaat einer Biostaudenmischung als Ersatz f\u00fcr Mais&nbsp;<\/p>\n\n\n<p><strong><p><strong><mark style=\"background-color:rgba(0, 0, 0, 0);color:#b20a0a\" class=\"has-inline-color\"><strong><mark style=\"background-color:rgba(0, 0, 0, 0);color:#b20a0a\" class=\"has-inline-color\">Fr\u00fchere Projekte der NFG (1992-2016)<\/mark><\/strong><\/mark><\/strong><\/p><\/strong>Neben einer ganzen Anzahl kleinerer Projekte wie Geh\u00f6lzanpflanzungen, Begr\u00fcnungsaktionen, Informationsveranstaltungen, Fahrradtouren oder auch Aufr\u00e4umaktionen, beispielsweise auf Hof Schmetkamp, wurden seit der Gr\u00fcndung insbesondere folgende Projekte durchgef\u00fchrt:<\/p>\n\n\n\n<ul class=\"wp-block-list\">\n<li>Anlage des Bauerngartens Hof Schmetkamp, Planung gemeinsam mit der Stadt, Ausf\u00fchrung durch die NFG<\/li>\n\n\n\n<li>Apfelsaftaktion: in den Jahren 1994 bis 1999 wurden insgesamt rd. 43.200 kg \u00c4pfel gesammelt; dies entspricht 6680 Kisten Apfelsaft<\/li>\n\n\n\n<li>Renaturierung Ostheidebach: L\u00e4nge ca. 950 m, Kostentragung durch die Naturf\u00f6rdergesellschaft<\/li>\n\n\n\n<li>Errichtung des Bienenhauses; Er\u00f6ffnung im Mai 2000; Gesamtkosten ca. 30.000,00 DM, die vollst\u00e4ndig von der Naturf\u00f6rdergesellschaft getragen wurden; Bauleitung durch die Stadt<\/li>\n\n\n\n<li>Gestaltung des Gel\u00e4ndes am Bienenhaus:\n<ul class=\"wp-block-list\">\n<li>Anlage eines Kleingew\u00e4ssers<\/li>\n\n\n\n<li>Aufsch\u00fcttung eines Erdh\u00fcgels f\u00fcr Wildbienen und andere Insekten<\/li>\n\n\n\n<li>Anlage einer neuen Wegef\u00fchrung<\/li>\n\n\n\n<li>Pflasterung der Fl\u00e4chen um das Bienenhaus mit Natursteinpflaster<\/li>\n\n\n\n<li>Errichtung einer Trockenmauer <\/li>\n<\/ul>\n<\/li>\n\n\n\n<li>Bau des Wanderweges zwischen Hof Schmetkamp und der Waldmutter<\/li>\n\n\n\n<li>Waldanpflanzung zwischen Hof Schmetkamp und der Waldmutter. Aufforstungsfl\u00e4che: 1,4 ha<\/li>\n\n\n\n<li>Beteiligung an der Finanzierung von zwei Sohlgleiten in der Werse n\u00f6rdlich von Albersloh und an einer Sohlgleite in der Angel. Durchf\u00fchrung der Ma\u00dfnahme durch den Wasser- und Bodenverband Albersloh-Rinkerode<\/li>\n\n\n\n<li>Nach einj\u00e4hriger Vorbereitungszeit mit Vereinen und Verb\u00e4nden Er\u00f6ffnung des \u201eNatur- und Erlebnispfades Hof Schmetkamp\u201c mit insgesamt 14 Schautafeln in 2010<\/li>\n\n\n\n<li>Beteiligung an der Renaturierung eines Abschnitts des Helmbaches<\/li>\n\n\n\n<li>Wiederaufnahme der Apfelsaftaktion im Jahr 2015<\/li>\n<\/ul>\n\n\n\n<p>Aus der Vorlage f\u00fcr den Ausschuss f\u00fcr Stadtentwicklung und Umwelt vom 6.6.2016 (0478\/16)<\/p>\n","protected":false},"excerpt":{"rendered":"<p>Projekte der NFG und deren Finanzierung Seit ihrer Gr\u00fcndung im Jahr 1991 verfolgt die Naturf\u00f6rdergesellschaft Sendenhorst e. V. (NFG) das Ziel, freiwillig, unabh\u00e4ngig und in Erg\u00e4nzung zu den Ma\u00dfnahmen der Stadt und anderen Organisationen die Tier- und Pflanzenwelt sowie die Landschaft im Stadtgebiet von Sendenhorst zu sch\u00fctzen, zu pflegen und zu entwickeln und dazu beizutragen, &hellip; <\/p>\n<p class=\"link-more\"><a href=\"https:\/\/nfg-sendenhorst.de\/?page_id=24\" class=\"more-link\"><span class=\"screen-reader-text\">\u201eProjekte\u201c <\/span>weiterlesen<\/a><\/p>\n","protected":false},"author":1,"featured_media":0,"parent":0,"menu_order":0,"comment_status":"closed","ping_status":"closed","template":"","meta":{"footnotes":""},"class_list":["post-24","page","type-page","status-publish","hentry"],"_links":{"self":[{"href":"https:\/\/nfg-sendenhorst.de\/index.php?rest_route=\/wp\/v2\/pages\/24","targetHints":{"allow":["GET"]}}],"collection":[{"href":"https:\/\/nfg-sendenhorst.de\/index.php?rest_route=\/wp\/v2\/pages"}],"about":[{"href":"https:\/\/nfg-sendenhorst.de\/index.php?rest_route=\/wp\/v2\/types\/page"}],"author":[{"embeddable":true,"href":"https:\/\/nfg-sendenhorst.de\/index.php?rest_route=\/wp\/v2\/users\/1"}],"replies":[{"embeddable":true,"href":"https:\/\/nfg-sendenhorst.de\/index.php?rest_route=%2Fwp%2Fv2%2Fcomments&post=24"}],"version-history":[{"count":0,"href":"https:\/\/nfg-sendenhorst.de\/index.php?rest_route=\/wp\/v2\/pages\/24\/revisions"}],"wp:attachment":[{"href":"https:\/\/nfg-sendenhorst.de\/index.php?rest_route=%2Fwp%2Fv2%2Fmedia&parent=24"}],"curies":[{"name":"wp","href":"https:\/\/api.w.org\/{rel}","templated":true}]}}